{"id":227,"date":"2023-08-02T15:33:23","date_gmt":"2023-08-02T13:33:23","guid":{"rendered":"https:\/\/cs-lagarde.fr\/?page_id=227"},"modified":"2023-08-09T17:28:33","modified_gmt":"2023-08-09T15:28:33","slug":"lhistoire","status":"publish","type":"page","link":"https:\/\/cs-lagarde.fr\/?page_id=227","title":{"rendered":"L&rsquo;histoire"},"content":{"rendered":"\n<p class=\"has-luminous-vivid-orange-color has-text-color has-background\" style=\"background:linear-gradient(135deg,rgb(202,248,128) 74%,rgb(113,206,126) 100%)\"><strong>Les origines du centre social de la Garde : Le Pro-Social (1966-1975)<\/strong><\/p>\n\n\n\n<figure class=\"wp-block-image aligncenter size-full\"><img fetchpriority=\"high\" decoding=\"async\" width=\"984\" height=\"601\" src=\"https:\/\/cs-lagarde.fr\/wp-content\/uploads\/2023\/08\/0001-Cite-1966.jpg\" alt=\"\" class=\"wp-image-400\" srcset=\"https:\/\/cs-lagarde.fr\/wp-content\/uploads\/2023\/08\/0001-Cite-1966.jpg 984w, https:\/\/cs-lagarde.fr\/wp-content\/uploads\/2023\/08\/0001-Cite-1966-300x183.jpg 300w, https:\/\/cs-lagarde.fr\/wp-content\/uploads\/2023\/08\/0001-Cite-1966-768x469.jpg 768w\" sizes=\"(max-width: 984px) 100vw, 984px\" \/><\/figure>\n\n\n\n<p class=\"has-black-color has-white-background-color has-text-color has-background\">&nbsp; &nbsp;&nbsp;&nbsp;&nbsp;&nbsp;&nbsp;&nbsp;&nbsp;&nbsp;&nbsp;&nbsp; Les premiers habitants sont arriv\u00e9s sur la cit\u00e9 la Garde entre Avril et Juin 1966. La soci\u00e9t\u00e9 Provence Logis \u00e9tait le bailleur. Apr\u00e8s leur installation, ils sont concert\u00e9s par rapport aux besoins de leurs enfants notamment de leurs adolescents.<\/p>\n\n\n\n<p>&nbsp;&nbsp;&nbsp;&nbsp;&nbsp;&nbsp;&nbsp;&nbsp;&nbsp;&nbsp;&nbsp; A l&rsquo;initiative d\u2019une poign\u00e9e d\u2019habitants les pr\u00e9mices d\u2019un mouvement social voient le jour et le logeur est rapidement sollicit\u00e9 pour la mise \u00e0 disposition d\u2019un local associatif. Une structure se met en place nomm\u00e9e Pro Social (fin 1966). Structure associative soutenue par Provence Logis sous forme juridique (conseil d&rsquo;administration local en lien \u00e9troit avec le logeur).<\/p>\n\n\n\n<p>&nbsp;&nbsp;&nbsp;&nbsp;&nbsp;&nbsp;&nbsp;&nbsp;&nbsp;&nbsp;&nbsp; Le premier local a \u00e9t\u00e9 install\u00e9 sous la tour E de la cit\u00e9 la Garde en sous-sol. A suivi la construction d&rsquo;un chalet partag\u00e9 avec la section bouliste. Apr\u00e8s trois ou quatre ann\u00e9es de fonctionnement le logeur permet l\u2019acc\u00e8s \u00e0 des locaux sous la tour A de la cit\u00e9 (actuellement l&rsquo;espace Jeunes). Un chantier impuls\u00e9 par les jeunes de la cit\u00e9 contribue \u00e0 am\u00e9nager les locaux mis \u00e0 la disposition par le logeur. Ils ont \u00e9t\u00e9 activement aid\u00e9s et soutenus par les parents : tous b\u00e9n\u00e9voles.<\/p>\n\n\n\n<p>&nbsp;&nbsp;&nbsp;&nbsp;&nbsp;&nbsp;&nbsp;&nbsp;&nbsp;&nbsp;&nbsp; Les travaux termin\u00e9s, les premi\u00e8res activit\u00e9s ont pu se d\u00e9velopper : danse, galas, couture, conf\u00e9rences, planning familial, sorties diverses, ski, foot, base-ball, gymnastique, f\u00eate\u2026<\/p>\n\n\n\n<p>Le but principal de ces activit\u00e9s \u00e9tait de cr\u00e9er des liens d&rsquo;amiti\u00e9 et de convivialit\u00e9. De 1966 \u00e0 1975, le Pro-social d\u00e9veloppe ses activit\u00e9s avec l\u2019accompagnement du logeur et des b\u00e9n\u00e9voles actifs.<\/p>\n\n\n\n<p>&nbsp;&nbsp;&nbsp;&nbsp;&nbsp;&nbsp;&nbsp;&nbsp;&nbsp;&nbsp;&nbsp; En novembre 1975, le Pro-social devient association centre social et culturel de la Garde, prenant ainsi son ind\u00e9pendance par rapport au logeur. Une nouvelle \u00e8re se pr\u00e9pare.<\/p>\n\n\n\n<figure class=\"wp-block-image aligncenter size-large\"><img decoding=\"async\" src=\"https:\/\/cs-lagarde.fr\/wp-content\/uploads\/2023\/08\/0002-Cite-1966-1024x697.jpg\" alt=\"\" class=\"wp-image-401\"\/><\/figure>\n\n\n\n<p class=\"has-luminous-vivid-orange-color has-text-color has-background\" style=\"background:linear-gradient(135deg,rgb(202,248,128) 68%,rgb(113,206,126) 100%)\"><strong>De 1976 \u00e0 1986 : Emancipation du centre social<\/strong><\/p>\n\n\n\n<p>&nbsp;&nbsp;&nbsp;&nbsp;&nbsp;&nbsp;&nbsp;&nbsp;&nbsp;&nbsp;&nbsp; Suite \u00e0 la cr\u00e9ation de l\u2019association centre social et culturel de la Garde en novembre 1975, le centre social a fonctionn\u00e9 durant dix ann\u00e9es de fa\u00e7on tr\u00e8s autonome essentiellement avec des b\u00e9n\u00e9voles et quelques professeurs d&rsquo;activit\u00e9 (danse\/judo\/gym). Ses activit\u00e9s s&rsquo;articulaient principalement autour d&rsquo;activit\u00e9s socio-\u00e9ducatives et de loisirs : danse, judo, gymnastique, photo, couture, loto, sorties familiales, carnaval. Association de la Garde, le Centre s&rsquo;adressait en priorit\u00e9 aux habitants de la cit\u00e9.<\/p>\n\n\n\n<p>&nbsp;&nbsp;&nbsp;&nbsp;&nbsp;&nbsp;&nbsp;&nbsp;&nbsp;&nbsp; Au travers des activit\u00e9s, le Centre social participe \u00e0 l&rsquo;animation de la cit\u00e9. Lieu de loisirs, le Centre social s&rsquo;occupe du temps libre des habitants. Les cadres associatifs \u00e0 l&rsquo;\u00e9troit dans leurs locaux devenus obsol\u00e8tes s&rsquo;engagent dans le projet de construction d&rsquo;une nouvelle structure (Centre social actuel).<\/p>\n\n\n\n<p>\u00a0\u00a0\u00a0\u00a0\u00a0\u00a0\u00a0\u00a0\u00a0 La p\u00e9riode semble \u00eatre favorable, l&rsquo;\u00e9quipement sera livr\u00e9 en f\u00e9vrier 1986, p\u00e9riode aussi o\u00f9 le contexte social est en cours de mutation avec l&rsquo;apparition des pr\u00e9mices de la crise du lien social. Le Centre social est \u00e0 la veille de transformations.<\/p>\n\n\n\n<figure class=\"wp-block-gallery has-nested-images columns-default is-cropped wp-block-gallery-1 is-layout-flex wp-block-gallery-is-layout-flex\">\n<figure class=\"wp-block-image size-large\"><img decoding=\"async\" width=\"683\" height=\"706\" data-id=\"405\" src=\"https:\/\/cs-lagarde.fr\/wp-content\/uploads\/2023\/08\/0059-Sortie-011973.jpg\" alt=\"\" class=\"wp-image-405\" srcset=\"https:\/\/cs-lagarde.fr\/wp-content\/uploads\/2023\/08\/0059-Sortie-011973.jpg 683w, https:\/\/cs-lagarde.fr\/wp-content\/uploads\/2023\/08\/0059-Sortie-011973-290x300.jpg 290w\" sizes=\"(max-width: 683px) 100vw, 683px\" \/><figcaption class=\"wp-element-caption\">Sortie en 1973<\/figcaption><\/figure>\n\n\n\n<figure class=\"wp-block-image size-large\"><img decoding=\"async\" width=\"730\" height=\"1024\" data-id=\"406\" src=\"https:\/\/cs-lagarde.fr\/wp-content\/uploads\/2023\/08\/0080-Carnaval-1976-730x1024.jpg\" alt=\"\" class=\"wp-image-406\" srcset=\"https:\/\/cs-lagarde.fr\/wp-content\/uploads\/2023\/08\/0080-Carnaval-1976-730x1024.jpg 730w, https:\/\/cs-lagarde.fr\/wp-content\/uploads\/2023\/08\/0080-Carnaval-1976-214x300.jpg 214w, https:\/\/cs-lagarde.fr\/wp-content\/uploads\/2023\/08\/0080-Carnaval-1976-768x1077.jpg 768w, https:\/\/cs-lagarde.fr\/wp-content\/uploads\/2023\/08\/0080-Carnaval-1976-1095x1536.jpg 1095w, https:\/\/cs-lagarde.fr\/wp-content\/uploads\/2023\/08\/0080-Carnaval-1976.jpg 1447w\" sizes=\"(max-width: 730px) 100vw, 730px\" \/><figcaption class=\"wp-element-caption\">Carnaval en 1976<\/figcaption><\/figure>\n<\/figure>\n\n\n\n<p class=\"has-luminous-vivid-orange-color has-text-color has-background\" style=\"background:linear-gradient(135deg,rgb(202,248,128) 61%,rgb(113,206,126) 100%)\"><strong>1986 \u00e0 2000 : Un projet social \u00e0 l\u2019\u00e9chelle d\u2019un territoire<\/strong><\/p>\n\n\n\n<p>&nbsp;&nbsp;&nbsp;&nbsp;&nbsp;&nbsp;&nbsp;&nbsp;&nbsp; En f\u00e9vrier 1986, le conseil d&rsquo;administration du Centre social et culturel de la Garde inaugure ses nouveaux locaux situ\u00e9s au c\u0153ur de la cit\u00e9 la Garde.<\/p>\n\n\n\n<p>&nbsp;&nbsp;&nbsp;&nbsp;&nbsp;&nbsp;&nbsp;&nbsp;&nbsp;&nbsp; Une nouvelle dynamique na\u00eet localement \u00e0 partir de cette \u00e9quipe de proximit\u00e9. L&rsquo;association s&rsquo;organise afin d&rsquo;\u00eatre agr\u00e9e Centre social par la Caisse d&rsquo;Allocations familiales. La d\u00e9finition d&rsquo;un premier projet social permet \u00e0 l&rsquo;association de se structurer et de recruter sa premi\u00e8re \u00e9quipe professionnelle (un directeur, une secr\u00e9taire d&rsquo;accueil, un animateur jeunes).<\/p>\n\n\n\n<p>\u00a0\u00a0\u00a0\u00a0\u00a0\u00a0\u00a0\u00a0\u00a0 Progressivement le Centre social de la Garde d\u00e9veloppe son action \u00e0 l&rsquo;\u00e9chelle du territoire de la Rose. Son projet s&rsquo;ins\u00e8re dans la r\u00e9alit\u00e9 sociale locale du bassin de la Rose et vise en premier lieu \u00e0 participer au maintien du lien social. Le Centre social met en place des activit\u00e9s, des actions, des services en direction des habitants du bassin de la Rose.<\/p>\n\n\n\n<figure class=\"wp-block-gallery has-nested-images columns-default is-cropped wp-block-gallery-2 is-layout-flex wp-block-gallery-is-layout-flex\">\n<figure class=\"wp-block-image size-large\"><img loading=\"lazy\" decoding=\"async\" width=\"1024\" height=\"664\" data-id=\"409\" src=\"https:\/\/cs-lagarde.fr\/wp-content\/uploads\/2023\/08\/0131-Centre-Social-1986-1024x664.jpg\" alt=\"\" class=\"wp-image-409\" srcset=\"https:\/\/cs-lagarde.fr\/wp-content\/uploads\/2023\/08\/0131-Centre-Social-1986-1024x664.jpg 1024w, https:\/\/cs-lagarde.fr\/wp-content\/uploads\/2023\/08\/0131-Centre-Social-1986-300x194.jpg 300w, https:\/\/cs-lagarde.fr\/wp-content\/uploads\/2023\/08\/0131-Centre-Social-1986-768x498.jpg 768w, https:\/\/cs-lagarde.fr\/wp-content\/uploads\/2023\/08\/0131-Centre-Social-1986-1536x996.jpg 1536w, https:\/\/cs-lagarde.fr\/wp-content\/uploads\/2023\/08\/0131-Centre-Social-1986.jpg 1743w\" sizes=\"(max-width: 1024px) 100vw, 1024px\" \/><figcaption class=\"wp-element-caption\">Centre social 1986<\/figcaption><\/figure>\n\n\n\n<figure class=\"wp-block-image size-large\"><img loading=\"lazy\" decoding=\"async\" width=\"1024\" height=\"691\" data-id=\"410\" src=\"https:\/\/cs-lagarde.fr\/wp-content\/uploads\/2023\/08\/0132-Centre-Social-1986-1024x691.jpg\" alt=\"\" class=\"wp-image-410\" srcset=\"https:\/\/cs-lagarde.fr\/wp-content\/uploads\/2023\/08\/0132-Centre-Social-1986-1024x691.jpg 1024w, https:\/\/cs-lagarde.fr\/wp-content\/uploads\/2023\/08\/0132-Centre-Social-1986-300x202.jpg 300w, https:\/\/cs-lagarde.fr\/wp-content\/uploads\/2023\/08\/0132-Centre-Social-1986-768x518.jpg 768w, https:\/\/cs-lagarde.fr\/wp-content\/uploads\/2023\/08\/0132-Centre-Social-1986-1536x1037.jpg 1536w, https:\/\/cs-lagarde.fr\/wp-content\/uploads\/2023\/08\/0132-Centre-Social-1986.jpg 1732w\" sizes=\"(max-width: 1024px) 100vw, 1024px\" \/><figcaption class=\"wp-element-caption\">Centre Social en 1986<\/figcaption><\/figure>\n\n\n\n<figure class=\"wp-block-image size-large\"><img loading=\"lazy\" decoding=\"async\" width=\"1024\" height=\"702\" data-id=\"411\" src=\"https:\/\/cs-lagarde.fr\/wp-content\/uploads\/2023\/08\/0162-fete-de-quartier-1990-1024x702.jpg\" alt=\"\" class=\"wp-image-411\" srcset=\"https:\/\/cs-lagarde.fr\/wp-content\/uploads\/2023\/08\/0162-fete-de-quartier-1990-1024x702.jpg 1024w, https:\/\/cs-lagarde.fr\/wp-content\/uploads\/2023\/08\/0162-fete-de-quartier-1990-300x206.jpg 300w, https:\/\/cs-lagarde.fr\/wp-content\/uploads\/2023\/08\/0162-fete-de-quartier-1990-768x527.jpg 768w, https:\/\/cs-lagarde.fr\/wp-content\/uploads\/2023\/08\/0162-fete-de-quartier-1990-1536x1053.jpg 1536w, https:\/\/cs-lagarde.fr\/wp-content\/uploads\/2023\/08\/0162-fete-de-quartier-1990.jpg 1722w\" sizes=\"(max-width: 1024px) 100vw, 1024px\" \/><figcaption class=\"wp-element-caption\">F\u00eate du quartier 1990<\/figcaption><\/figure>\n<\/figure>\n","protected":false},"excerpt":{"rendered":"<p>Les origines du centre social de la Garde : Le Pro-Social (1966-1975) &nbsp; &nbsp;&nbsp;&nbsp;&nbsp;&nbsp;&nbsp;&nbsp;&nbsp;&nbsp;&nbsp;&nbsp; Les premiers habitants sont arriv\u00e9s sur la cit\u00e9 la Garde entre Avril et Juin 1966. La soci\u00e9t\u00e9 Provence Logis \u00e9tait le bailleur. Apr\u00e8s leur installation, ils sont concert\u00e9s par rapport aux besoins de leurs enfants notamment de leurs adolescents. &nbsp;&nbsp;&nbsp;&nbsp;&nbsp;&nbsp;&nbsp;&nbsp;&nbsp;&nbsp;&nbsp; A l&rsquo;initiative d\u2019une poign\u00e9e d\u2019habitants les pr\u00e9mices d\u2019un mouvement social voient le jour et le logeur est rapidement sollicit\u00e9 pour la mise \u00e0 disposition d\u2019un local associatif. Une structure se met en place nomm\u00e9e Pro Social (fin 1966). Structure associative soutenue par Provence Logis sous forme juridique (conseil d&rsquo;administration local en lien \u00e9troit avec le logeur). &nbsp;&nbsp;&nbsp;&nbsp;&nbsp;&nbsp;&nbsp;&nbsp;&nbsp;&nbsp;&nbsp; Le premier local a \u00e9t\u00e9 install\u00e9 sous la tour E de la cit\u00e9 la Garde en sous-sol. A suivi la construction d&rsquo;un chalet partag\u00e9 avec la section bouliste. Apr\u00e8s trois ou quatre ann\u00e9es de fonctionnement le logeur permet l\u2019acc\u00e8s \u00e0 des locaux sous la tour A de la cit\u00e9 (actuellement l&rsquo;espace Jeunes). Un chantier impuls\u00e9 par les jeunes de la cit\u00e9 contribue \u00e0 am\u00e9nager les locaux mis \u00e0 la disposition par le logeur. Ils ont \u00e9t\u00e9 activement aid\u00e9s et soutenus par les parents : tous b\u00e9n\u00e9voles. &nbsp;&nbsp;&nbsp;&nbsp;&nbsp;&nbsp;&nbsp;&nbsp;&nbsp;&nbsp;&nbsp; Les travaux termin\u00e9s, les premi\u00e8res activit\u00e9s ont pu se d\u00e9velopper : danse, galas, couture, conf\u00e9rences, planning familial, sorties diverses, ski, foot, base-ball, gymnastique, f\u00eate\u2026 Le but principal de ces activit\u00e9s \u00e9tait de cr\u00e9er des liens d&rsquo;amiti\u00e9 et de convivialit\u00e9. De 1966 \u00e0 1975, le Pro-social d\u00e9veloppe ses activit\u00e9s avec l\u2019accompagnement du logeur et des b\u00e9n\u00e9voles actifs. &nbsp;&nbsp;&nbsp;&nbsp;&nbsp;&nbsp;&nbsp;&nbsp;&nbsp;&nbsp;&nbsp; En novembre 1975, le Pro-social devient association centre social et culturel de la Garde, prenant ainsi son ind\u00e9pendance par rapport au logeur. Une nouvelle \u00e8re se pr\u00e9pare. De 1976 \u00e0 1986 : Emancipation du centre social &nbsp;&nbsp;&nbsp;&nbsp;&nbsp;&nbsp;&nbsp;&nbsp;&nbsp;&nbsp;&nbsp; Suite \u00e0 la cr\u00e9ation de l\u2019association centre social et culturel de la Garde en novembre 1975, le centre social a fonctionn\u00e9 durant dix ann\u00e9es de fa\u00e7on tr\u00e8s autonome essentiellement avec des b\u00e9n\u00e9voles et quelques professeurs d&rsquo;activit\u00e9 (danse\/judo\/gym). Ses activit\u00e9s s&rsquo;articulaient principalement autour d&rsquo;activit\u00e9s socio-\u00e9ducatives et de loisirs : danse, judo, gymnastique, photo, couture, loto, sorties familiales, carnaval. Association de la Garde, le Centre s&rsquo;adressait en priorit\u00e9 aux habitants de la cit\u00e9. &nbsp;&nbsp;&nbsp;&nbsp;&nbsp;&nbsp;&nbsp;&nbsp;&nbsp;&nbsp; Au travers des activit\u00e9s, le Centre social participe \u00e0 l&rsquo;animation de la cit\u00e9. Lieu de loisirs, le Centre social s&rsquo;occupe du temps libre des habitants. Les cadres associatifs \u00e0 l&rsquo;\u00e9troit dans leurs locaux devenus obsol\u00e8tes s&rsquo;engagent dans le projet de construction d&rsquo;une nouvelle structure (Centre social actuel). \u00a0\u00a0\u00a0\u00a0\u00a0\u00a0\u00a0\u00a0\u00a0 La p\u00e9riode semble \u00eatre favorable, l&rsquo;\u00e9quipement sera livr\u00e9 en f\u00e9vrier 1986, p\u00e9riode aussi o\u00f9 le contexte social est en cours de mutation avec l&rsquo;apparition des pr\u00e9mices de la crise du lien social. Le Centre social est \u00e0 la veille de transformations. 1986 \u00e0 2000 : Un projet social \u00e0 l\u2019\u00e9chelle d\u2019un territoire &nbsp;&nbsp;&nbsp;&nbsp;&nbsp;&nbsp;&nbsp;&nbsp;&nbsp; En f\u00e9vrier 1986, le conseil d&rsquo;administration du Centre social et culturel de la Garde inaugure ses nouveaux locaux situ\u00e9s au c\u0153ur de la cit\u00e9 la Garde. &nbsp;&nbsp;&nbsp;&nbsp;&nbsp;&nbsp;&nbsp;&nbsp;&nbsp;&nbsp; Une nouvelle dynamique na\u00eet localement \u00e0 partir de cette \u00e9quipe de proximit\u00e9. L&rsquo;association s&rsquo;organise afin d&rsquo;\u00eatre agr\u00e9e Centre social par la Caisse d&rsquo;Allocations familiales. La d\u00e9finition d&rsquo;un premier projet social permet \u00e0 l&rsquo;association de se structurer et de recruter sa premi\u00e8re \u00e9quipe professionnelle (un directeur, une secr\u00e9taire d&rsquo;accueil, un animateur jeunes). \u00a0\u00a0\u00a0\u00a0\u00a0\u00a0\u00a0\u00a0\u00a0 Progressivement le Centre social de la Garde d\u00e9veloppe son action \u00e0 l&rsquo;\u00e9chelle du territoire de la Rose. Son projet s&rsquo;ins\u00e8re dans la r\u00e9alit\u00e9 sociale locale du bassin de la Rose et vise en premier lieu \u00e0 participer au maintien du lien social. Le Centre social met en place des activit\u00e9s, des actions, des services en direction des habitants du bassin de la Rose.<\/p>\n","protected":false},"author":1,"featured_media":0,"parent":0,"menu_order":0,"comment_status":"closed","ping_status":"closed","template":"","meta":{"_monsterinsights_skip_tracking":false,"_monsterinsights_sitenote_active":false,"_monsterinsights_sitenote_note":"","_monsterinsights_sitenote_category":0,"_themeisle_gutenberg_block_has_review":false,"footnotes":""},"class_list":["post-227","page","type-page","status-publish","hentry"],"aioseo_notices":[],"_links":{"self":[{"href":"https:\/\/cs-lagarde.fr\/index.php?rest_route=\/wp\/v2\/pages\/227","targetHints":{"allow":["GET"]}}],"collection":[{"href":"https:\/\/cs-lagarde.fr\/index.php?rest_route=\/wp\/v2\/pages"}],"about":[{"href":"https:\/\/cs-lagarde.fr\/index.php?rest_route=\/wp\/v2\/types\/page"}],"author":[{"embeddable":true,"href":"https:\/\/cs-lagarde.fr\/index.php?rest_route=\/wp\/v2\/users\/1"}],"replies":[{"embeddable":true,"href":"https:\/\/cs-lagarde.fr\/index.php?rest_route=%2Fwp%2Fv2%2Fcomments&post=227"}],"version-history":[{"count":6,"href":"https:\/\/cs-lagarde.fr\/index.php?rest_route=\/wp\/v2\/pages\/227\/revisions"}],"predecessor-version":[{"id":413,"href":"https:\/\/cs-lagarde.fr\/index.php?rest_route=\/wp\/v2\/pages\/227\/revisions\/413"}],"wp:attachment":[{"href":"https:\/\/cs-lagarde.fr\/index.php?rest_route=%2Fwp%2Fv2%2Fmedia&parent=227"}],"curies":[{"name":"wp","href":"https:\/\/api.w.org\/{rel}","templated":true}]}}